{"id":1301,"date":"2020-06-17T09:03:29","date_gmt":"2020-06-17T09:03:29","guid":{"rendered":"https:\/\/freter.960pixel.de\/?page_id=1301"},"modified":"2022-12-20T07:29:33","modified_gmt":"2022-12-20T07:29:33","slug":"imprint","status":"publish","type":"page","link":"https:\/\/freter.960pixel.de\/en\/imprint\/","title":{"rendered":"Imprint"},"content":{"rendered":"\n<div class=\"wp-block-group alignfull marTB0\"><div class=\"wp-block-group__inner-container is-layout-flow wp-block-group-is-layout-flow\">\n<div class=\"wp-block-wpm-background alignfull has-style-wpm-background-rgiq8un1 headerpic contain\"><div class=\"entry-content\">\n<div class=\"wp-block-group alignfull bgwhitetotrans\"><div class=\"wp-block-group__inner-container is-layout-flow wp-block-group-is-layout-flow\">\n<div class=\"wp-block-columns alignfull is-layout-flex wp-container-core-columns-is-layout-9d6595d7 wp-block-columns-is-layout-flex\">\n<div class=\"wp-block-column is-vertically-aligned-center is-layout-flow wp-block-column-is-layout-flow\">\n<p class=\"headerplus\">+<\/p>\n\n\n\n<p class=\"textblue headline\">IMPRESSUM<\/p>\n<\/div>\n\n\n\n<div class=\"wp-block-column is-layout-flow wp-block-column-is-layout-flow\"><\/div>\n<\/div>\n<\/div><\/div>\n<\/div><\/div>\n<\/div><\/div>\n\n\n\n<div class=\"wp-block-group alignfull radialgradgreywhite marT0\"><div class=\"wp-block-group__inner-container is-layout-flow wp-block-group-is-layout-flow\"><\/div><\/div>\n\n\n\n<h2 class=\"wp-block-heading\">Impressum<\/h2>\n\n\n\n<div style=\"height:38px\" aria-hidden=\"true\" class=\"wp-block-spacer\"><\/div>\n\n\n\n<div class=\"wp-block-group\"><div class=\"wp-block-group__inner-container is-layout-flow wp-block-group-is-layout-flow\">\n<p><strong>Angaben gem\u00e4\u00df \u00a7 5 TMG<\/strong><\/p>\n\n\n\n<p>J\u00f6rg Freter<br>Zahnarztpraxis<\/p>\n\n\n\n<p>Friedrichsring 46<br>68161 Mannheim<\/p>\n\n\n\n<p>TEL 0621-104071<br>FAX 0621-1569725<\/p>\n\n\n\n<p>WEB <a target=\"_blank\" title=\"www.mannheim-zahnarzt.de\" href=\"https:\/\/freter.960pixel.de\" rel=\"noopener noreferrer\">www.mannheim-zahnarzt.de<\/a><br>EMAIL <a data-hqoubj01546=\"OYtky4B8xBygu3Ox88Buo4OkO49!B3nA4.K)D-Pvwd(CmhTzkW5XeoJaipsrcHbQ9Uj76NZ 80qtVLFg@GRY+luxMySf12OEI33bNcj\"><\/a><\/p>\n\n\n\n<p>Zust\u00e4ndige (Zahn-)\u00c4rztekammer als Aufsichtsbeh\u00f6rde:<br>Kassenzahn\u00e4rztliche Vereinigung Baden-W\u00fcrttemberg (KZV BW)<br>Albstadtweg 9<br>70567 Stuttgart<br>TEL 0711\/22 84 50<br>WEB <a target=\"_blank\" href=\"http:\/\/www.lzk-bw.de\" rel=\"noopener noreferrer\">www.lzk-bw.de<\/a><br>MAIL <a data-hqoubj01546=\"3ar7ztWEcs+8Kw!Q81+TJ6(vd bhUPfIo5KFtjAB)Z7Yq9V0nX-NgySWwc2sLr3MCH4EDkilp@u.emOaRzxG33LTbS\"><\/a><\/p>\n\n\n\n<p>Zust\u00e4ndige Kassenzahn\u00e4rztliche Vereinigung:<br>Kassenzahn\u00e4rztliche Vereinigung Baden-W\u00fcrttemberg (KZV BW)<br>Albstadtweg 9<br>70567 Stuttgart<br>TEL 0711\/78 77 0<br>WEB <a target=\"_blank\" href=\"http:\/\/www.kzvbw.de\" rel=\"noopener noreferrer\">www.kzvbw.de<\/a><br>MAIL <a data-hqoubj01546=\"z8XIC2J4gMiPt!17dLFNP-RhUu)MBjrX+nt(S32Oo Zm.cAiI4xvCsWJ5gyVfwkaEb60zT@G8qYpHlDQ9eK33whof\"><\/a><\/p>\n\n\n\n<p>Berufsordnung:<br><a href=\"http:\/\/www.lzk-bw.de\/PHB\/PHB-CD\/Gesetze...\/Berufsordnung.doc\">www.lzk-bw.de\/PHB\/PHB-CD\/Gesetze&#8230;\/Berufsordnung.doc<\/a><\/p>\n\n\n\n<p>Heilberufegesetz:<br><a href=\"https:\/\/www.aerztekammer-bw.de\/10aerzte\/40merkblaetter\/20recht\/10gesetze\/kammergesetz.pdf\">https:\/\/www.aerztekammer-bw.de\/10aerzte\/40merkblaetter\/20recht\/10gesetze\/kammergesetz.pdf<\/a><\/p>\n\n\n\n<p>Die Berufsbezeichnung Zahnarzt, Promotion zum Dr. der Zahnmedizin wurde in Deutschland verliehen.<\/p>\n\n\n\n<p>Verantwortlich f\u00fcr den Inhalt der Homepage:<br>J\u00f6rg Freter<\/p>\n\n\n\n<p>Gestaltung, Realisierung und Betreuung:<br>srg werbeagentur ag  <a rel=\"noreferrer noopener\" href=\"https:\/\/www.srgwerbeagentur.de\" target=\"_blank\">www.srgwerbeagentur.de<\/a><\/p>\n\n\n\n<p><strong>Haftung f\u00fcr Inhalte<\/strong><br>Obwohl wir uns um Aktualit\u00e4t, Vollst\u00e4ndigkeit und Richtigkeit der Inhalte unserer Seiten bem\u00fchen, k\u00f6nnen wir hierf\u00fcr keine Garantie \u00fcbernehmen.<br>Nach \u00a7 7 Absatz 1 TMG sind wir als Diensteanbieter f\u00fcr eigene Inhalte auf unseren Seiten nach den allgemeinen Gesetzen verantwortlich.<\/p>\n\n\n\n<p>Eine Verpflichtung zur \u00dcberwachung \u00fcbermittelter oder gespeicherter fremder Informationen besteht jedoch nicht (\u00a7\u00a7 8-10 TMG). Sobald uns Rechtsverst\u00f6\u00dfe bekannt werden, werden wir die entsprechenden Inhalte umgehend entfernen. Eine dahingehende Haftung wird jedoch erst ab dem Zeitpunkt der Kenntnis konkreter Rechtsverletzungen \u00fcbernommen.<\/p>\n\n\n\n<p><strong>Haftungsausschluss<\/strong><br>Unsere Seiten enthalten Links auf externe Webseiten Dritter. Auf die Inhalte dieser verlinkten Webseiten haben wir keinen Einfluss. F\u00fcr die Richtigkeit der Inhalte ist immer der jeweilige Anbieter oder Betreiber verantwortlich, weshalb wir diesbez\u00fcglich keinerlei Gew\u00e4hr \u00fcbernehmen.<\/p>\n\n\n\n<p>Die fremden Webseiten haben wir zum Zeitpunkt der Verlinkung auf m\u00f6gliche Rechtsverst\u00f6\u00dfe \u00fcberpr\u00fcft. Zum Zeitpunkt der Verlinkung waren keinerlei Rechtsverletzungen erkennbar. Eine st\u00e4ndige \u00dcberpr\u00fcfung s\u00e4mtlicher Inhalte der von uns verlinkten Seiten ohne tats\u00e4chliche Anhaltspunkte f\u00fcr einen Rechtsversto\u00df k\u00f6nnen wir nicht leisten. Falls uns Rechtsverletzungen bekannt werden, werden wir die entsprechenden Links sofort entfernen.<\/p>\n\n\n\n<p><strong>Urheberrecht<\/strong><br>Die durch den Betreiber dieser Seite erstellten Inhalte und Werke auf diesen Webseiten unterliegen dem deutschen Urheberrecht. S\u00e4mtliche Beitr\u00e4ge Dritter sind als solche gekennzeichnet. Die Vervielf\u00e4ltigung, Bearbeitung, Verbreitung und jede Art der Verwertung au\u00dferhalb der Grenzen des Urheberrechts bed\u00fcrfen der schriftlichen Zustimmung des jeweiligen Autors bzw. Erstellers. Kopien von diesen Seiten sind nur f\u00fcr den privaten Bereich gestattet, nicht jedoch f\u00fcr kommerzielle Zwecke.<\/p>\n\n\n\n<p><strong>Online-Streitbeilegung<br><\/strong>Die Europ\u00e4ische Kommission stellt unter&nbsp;<a href=\"https:\/\/ec.europa.eu\/consumers\/odr\/\" target=\"_blank\" rel=\"noopener noreferrer\">https:\/\/ec.europa.eu\/consumers\/odr\/<\/a>&nbsp;eine Plattform zur Online-Streitbeilegung bereit, die Verbraucher f\u00fcr die Beilegung einer Streitigkeit nutzen k\u00f6nnen und auf der weitere Informationen zum Thema Streitschlichtung zu finden sind.<\/p>\n\n\n\n<p><strong>Au\u00dfergerichtliche Streitbeilegung<br><\/strong>Wir sind weder verpflichtet noch dazu bereit, im Falle einer Streitigkeit mit einem Verbraucher an einem Streitbeilegungsverfahren vor einer Verbraucherschlichtungsstelle teilzunehmen.<\/p>\n\n\n\n<p><strong>Bildnachweise:<br><\/strong>Klaus Hecke  <br>Andreas Pollok <br>istock \/ Georgiy Datsenko <br>istock \/ Deagreez <br>istock \/ Irina Shatilova <br>istock \/ Ridofranz <br>istock \/ gpointstudio <br>istock \/ fizkes <br>istock \/ seoterra <br>istock \/ scyther5 <br>istock \/ Nikodash <br>istock \/ mtr <br>istock \/ seb_ra <br>istock \/ CreVis2 <br>istock \/ Ocskaymark <br>istock \/ bekisha<\/p>\n<\/div><\/div>\n\n\n\n<div style=\"height:60px\" aria-hidden=\"true\" class=\"wp-block-spacer\"><\/div>\n\n\n\n<div class=\"wp-block-group alignfull radialgradgreywhite marT0\"><div class=\"wp-block-group__inner-container is-layout-flow wp-block-group-is-layout-flow\"><\/div><\/div>\n\n\n\n<div class=\"wp-block-group alignwide\"><div class=\"wp-block-group__inner-container is-layout-flow wp-block-group-is-layout-flow\">\n<h2 class=\"has-text-align-center wp-block-heading\">What our patients say about us<\/h2>\n<\/div><\/div>\n\n\n\n<div class=\"wp-block-group alignfull\"><div class=\"wp-block-group__inner-container is-layout-flow wp-block-group-is-layout-flow\">\n<div class=\"wp-block-columns jameda is-layout-flex wp-container-core-columns-is-layout-9d6595d7 wp-block-columns-is-layout-flex\">\n<div class=\"wp-block-column is-layout-flow wp-block-column-is-layout-flow\">\n<div id=\"jameda-widget-container1074774\" style=\"position:relative; width:272px; height:168px; margin:15px; background-image:url(https:\/\/cdn1.jameda-elements.de\/premium\/widgets\/_images\/top10-top20-bg.png); background-repeat:no-repeat; font-family:Arial, Helvetica, sans-serif; font-size:12px; line-height:15px;\"><div style=\"position:absolute; top:25px; left:108px; width:148px; height:58px; overflow:hidden; white-space:normal;\"><a href=\"https:\/\/www.jameda.de\/mannheim\/zahnaerzte\/implantologen\/joerg-freter\/uebersicht\/80117686_1\/?utm_content=Top5&amp;utm_source=Kunden-Homepages&amp;utm_medium=Badges&amp;utm_term=80117686&amp;utm_campaign=Badges\" style=\"font-size:15px; line-height:18px; font-weight:bold; color:#01a3d4; text-decoration:none; border:0px;\" target=\"_blank\" rel=\"noopener noreferrer\">J\u00f6rg Freter<\/a><\/div><div style=\"position:absolute; top:98px; left:108px; width:152px; height:53px; overflow:hidden; color:#888; font-size:11px; line-height:13px;\"><strong>Zahn\u00e4rzte<\/strong><br>in Mannheim auf&nbsp;<a href=\"https:\/\/www.jameda.de\/mannheim\/zahnaerzte\/gruppe\/?utm_content=Top5&amp;utm_source=Kunden-Homepages&amp;utm_medium=Badges&amp;utm_term=80117686&amp;utm_campaign=Badges\" class=\"jam_link_check\" style=\"color:#069bd2; font-size:11px; text-decoration:none; border:0px; background-color:transparent !important;\" target=\"_blank\" rel=\"noopener noreferrer\">jameda<\/a><\/div><\/div>\n<\/div>\n\n\n\n<div class=\"wp-block-column is-layout-flow wp-block-column-is-layout-flow\">\n<div id=\"jameda-widget-container1101441\" style=\"position:relative; width:272px; height:168px; margin:15px; background-image:url(https:\/\/cdn1.jameda-elements.de\/premium\/widgets\/_images\/top10-top20-bg.png); background-repeat:no-repeat; font-family:Arial, Helvetica, sans-serif; font-size:12px; line-height:15px;\"><div style=\"position:absolute; top:25px; left:108px; width:148px; height:58px; overflow:hidden; white-space:normal;\"><a href=\"https:\/\/www.jameda.de\/mannheim\/zahnaerzte\/implantologen\/joerg-freter\/uebersicht\/80117686_1\/?utm_content=Top5&amp;utm_source=Kunden-Homepages&amp;utm_medium=Badges&amp;utm_term=80117686&amp;utm_campaign=Badges\" style=\"font-size:15px; line-height:18px; font-weight:bold; color:#01a3d4; text-decoration:none; border:0px;\" target=\"_blank\" rel=\"noopener noreferrer\">J\u00f6rg Freter<\/a><\/div><div style=\"position:absolute; top:98px; left:108px; width:152px; height:53px; overflow:hidden; color:#888; font-size:11px; line-height:13px;\"><strong>Endodontologen<\/strong><br>in Mannheim auf&nbsp;<a href=\"https:\/\/www.jameda.de\/mannheim\/zahnaerzte\/endodontologie-wurzelbehandlung\/fachgebiet\/?utm_content=Top5&amp;utm_source=Kunden-Homepages&amp;utm_medium=Badges&amp;utm_term=80117686&amp;utm_campaign=Badges\" class=\"jam_link_check\" style=\"color:#069bd2; font-size:11px; text-decoration:none; border:0px; background-color:transparent !important;\" target=\"_blank\" rel=\"noopener noreferrer\">jameda<\/a><\/div><\/div>\n<\/div>\n\n\n\n<div class=\"wp-block-column is-layout-flow wp-block-column-is-layout-flow\">\n<div id=\"jameda-widget-container1095754\" style=\"position:relative; width:272px; height:168px; margin:15px; background-image:url(https:\/\/cdn1.jameda-elements.de\/premium\/widgets\/_images\/top10-top20-bg.png); background-repeat:no-repeat; font-family:Arial, Helvetica, sans-serif; font-size:12px; line-height:15px;\"><div style=\"position:absolute; top:25px; left:108px; width:148px; height:58px; overflow:hidden; white-space:normal;\"><a href=\"https:\/\/www.jameda.de\/mannheim\/zahnaerzte\/implantologen\/joerg-freter\/uebersicht\/80117686_1\/?utm_content=Top5&amp;utm_source=Kunden-Homepages&amp;utm_medium=Badges&amp;utm_term=80117686&amp;utm_campaign=Badges\" style=\"font-size:15px; line-height:18px; font-weight:bold; color:#01a3d4; text-decoration:none; border:0px;\" target=\"_blank\" rel=\"noopener noreferrer\">J\u00f6rg Freter<\/a><\/div><div style=\"position:absolute; top:98px; left:108px; width:152px; height:53px; overflow:hidden; color:#888; font-size:11px; line-height:13px;\"><strong>Implantologen<\/strong><br>in Mannheim auf&nbsp;<a href=\"https:\/\/www.jameda.de\/mannheim\/zahnaerzte\/implantologen\/fachgebiet\/?utm_content=Top5&amp;utm_source=Kunden-Homepages&amp;utm_medium=Badges&amp;utm_term=80117686&amp;utm_campaign=Badges\" class=\"jam_link_check\" style=\"color:#069bd2; font-size:11px; text-decoration:none; border:0px; background-color:transparent !important;\" target=\"_blank\" rel=\"noopener noreferrer\">jameda<\/a><\/div><\/div>\n\n\n\n\n<\/div>\n<\/div>\n<\/div><\/div>\n\n\n\n<div class=\"wp-block-group\"><div class=\"wp-block-group__inner-container is-layout-flow wp-block-group-is-layout-flow\"><\/div><\/div>\n\n\n\n\n\n\n<div class=\"wp-block-group\"><div class=\"wp-block-group__inner-container is-layout-flow wp-block-group-is-layout-flow\"><\/div><\/div>\n\n\n\n<div style=\"height:100px\" aria-hidden=\"true\" class=\"wp-block-spacer\"><\/div>\n\n\n\n<div style=\"height:80px\" aria-hidden=\"true\" class=\"wp-block-spacer\"><\/div>\n\n\n\n<div class=\"wp-block-group alignfull radialgradgreywhite\"><div class=\"wp-block-group__inner-container is-layout-flow wp-block-group-is-layout-flow\"><\/div><\/div>\n","protected":false},"excerpt":{"rendered":"<p>Impressum Angaben gem\u00e4\u00df \u00a7 5 TMG J\u00f6rg FreterZahnarztpraxis Friedrichsring 4668161 Mannheim TEL 0621-104071FAX 0621-1569725 WEB www.mannheim-zahnarzt.deEMAIL Zust\u00e4ndige (Zahn-)\u00c4rztekammer als Aufsichtsbeh\u00f6rde:Kassenzahn\u00e4rztliche Vereinigung Baden-W\u00fcrttemberg (KZV BW)Albstadtweg 970567 StuttgartTEL 0711\/22 84 50WEB www.lzk-bw.deMAIL Zust\u00e4ndige Kassenzahn\u00e4rztliche Vereinigung:Kassenzahn\u00e4rztliche Vereinigung Baden-W\u00fcrttemberg (KZV BW)Albstadtweg 970567 StuttgartTEL 0711\/78 77 0WEB www.kzvbw.deMAIL Berufsordnung:www.lzk-bw.de\/PHB\/PHB-CD\/Gesetze&#8230;\/Berufsordnung.doc Heilberufegesetz:https:\/\/www.aerztekammer-bw.de\/10aerzte\/40merkblaetter\/20recht\/10gesetze\/kammergesetz.pdf Die Berufsbezeichnung Zahnarzt, Promotion zum Dr. der Zahnmedizin wurde in [&hellip;]<\/p>\n","protected":false},"author":1,"featured_media":0,"parent":0,"menu_order":0,"comment_status":"closed","ping_status":"closed","template":"","meta":{"ub_ctt_via":"","wpm_timeformat":"","_wpm_styles":".has-style-wpm-background-rgiq8un1 {\n  min-height: 200px;\n}","_grids_gutter_x":"","_grids_wide_width":false,"footnotes":""},"class_list":["post-1301","page","type-page","status-publish","hentry"],"featured_image_src":null,"_links":{"self":[{"href":"https:\/\/freter.960pixel.de\/en\/wp-json\/wp\/v2\/pages\/1301","targetHints":{"allow":["GET"]}}],"collection":[{"href":"https:\/\/freter.960pixel.de\/en\/wp-json\/wp\/v2\/pages"}],"about":[{"href":"https:\/\/freter.960pixel.de\/en\/wp-json\/wp\/v2\/types\/page"}],"author":[{"embeddable":true,"href":"https:\/\/freter.960pixel.de\/en\/wp-json\/wp\/v2\/users\/1"}],"replies":[{"embeddable":true,"href":"https:\/\/freter.960pixel.de\/en\/wp-json\/wp\/v2\/comments?post=1301"}],"version-history":[{"count":4,"href":"https:\/\/freter.960pixel.de\/en\/wp-json\/wp\/v2\/pages\/1301\/revisions"}],"predecessor-version":[{"id":1521,"href":"https:\/\/freter.960pixel.de\/en\/wp-json\/wp\/v2\/pages\/1301\/revisions\/1521"}],"wp:attachment":[{"href":"https:\/\/freter.960pixel.de\/en\/wp-json\/wp\/v2\/media?parent=1301"}],"curies":[{"name":"wp","href":"https:\/\/api.w.org\/{rel}","templated":true}]}}