{"id":1224,"date":"2020-06-16T13:14:12","date_gmt":"2020-06-16T13:14:12","guid":{"rendered":"https:\/\/freter.960pixel.de\/?page_id=1224"},"modified":"2022-12-06T09:15:09","modified_gmt":"2022-12-06T09:15:09","slug":"contact-us","status":"publish","type":"page","link":"https:\/\/freter.960pixel.de\/en\/contact-us\/","title":{"rendered":"contact us"},"content":{"rendered":"\n<div class=\"wp-block-group alignfull marTB0 hideobj\"><div class=\"wp-block-group__inner-container is-layout-flow wp-block-group-is-layout-flow\">\n<div class=\"wp-block-wpm-background alignfull has-style-wpm-background-rgiq8un1 headerpic contain\"><div class=\"entry-content\">\n<div class=\"wp-block-group alignfull bgwhitetotrans\"><div class=\"wp-block-group__inner-container is-layout-flow wp-block-group-is-layout-flow\">\n<div class=\"wp-block-columns alignfull is-layout-flex wp-container-core-columns-is-layout-9d6595d7 wp-block-columns-is-layout-flex\">\n<div class=\"wp-block-column is-vertically-aligned-center is-layout-flow wp-block-column-is-layout-flow\">\n<p class=\"headerplus\">+<\/p>\n\n\n\n<p class=\"textblue headline\">CONTACT<\/p>\n<\/div>\n\n\n\n<div class=\"wp-block-column is-layout-flow wp-block-column-is-layout-flow\"><\/div>\n<\/div>\n<\/div><\/div>\n<\/div><\/div>\n<\/div><\/div>\n\n\n\n<div class=\"wp-block-group alignfull marTB0 bgkontakt\"><div class=\"wp-block-group__inner-container is-layout-flow wp-block-group-is-layout-flow\">\n<div class=\"wp-block-columns alignfull is-layout-flex wp-container-core-columns-is-layout-9d6595d7 wp-block-columns-is-layout-flex\">\n<div class=\"wp-block-column is-layout-flow wp-block-column-is-layout-flow\">\n<div class=\"wp-block-group alignfull radialgradgreywhite marT0\"><div class=\"wp-block-group__inner-container is-layout-flow wp-block-group-is-layout-flow\"><\/div><\/div>\n\n\n\n<div class=\"wp-block-group alignfull\"><div class=\"wp-block-group__inner-container is-layout-flow wp-block-group-is-layout-flow\">\n<div class=\"wp-block-columns is-layout-flex wp-container-core-columns-is-layout-9d6595d7 wp-block-columns-is-layout-flex\">\n<div class=\"wp-block-column is-layout-flow wp-block-column-is-layout-flow\" style=\"flex-basis:10%\"><\/div>\n\n\n\n<div class=\"wp-block-column concontent is-layout-flow wp-block-column-is-layout-flow\" style=\"flex-basis:90%\">\n<p class=\"headerplus\">+<\/p>\n\n\n\n<p class=\"textblue headline\">CONTACT<\/p>\n\n\n\n<div style=\"height:50px\" aria-hidden=\"true\" class=\"wp-block-spacer\"><\/div>\n\n\n\n<div class=\"circle150\"><a href=\"\/en\/preferred-appointment-time\"><p>Request online<br>appointment<\/p><\/a><\/div>\n\n\n\n<p><strong>Freter dental practice <\/strong><br>Friedrichsring 46, 68161 Mannheim <br>Telefon: 0621-104071 <br>Fax: 0621-1569725 <br>E-Mail: <a data-helfsu416=\"AqSJaK3D43aMngA4DD3ntKAJAKx!BeQ63l1U)uJSxo94Epb0mrCdkNHRvgXasOLDTt.fPMhAwFI2VcG+8 7Zi(zy5YnK@qjW-33i\"><\/a>\n<\/p>\n\n\n\n<p><strong>practice hours<\/strong> <br>monday to thursday: 8:00 am to 7:00 pm <br>friday: 8:00 am to 1:00 pm <\/p>\n\n\n\n<p><strong>Parking options<\/strong> <\/p>\n\n\n\n<ul class=\"wp-block-list\">\n<li>Collini-Center Mulde (Carl-Garnier-Ufer), diagonally opposite the practice<\/li>\n\n\n\n<li>Rosengarten (Dorint Tiefgarage \/ Stresemannstra\u00dfe \/ Tullastra\u00dfe)<\/li>\n\n\n\n<li>U2 (Herschelplatz)<\/li>\n<\/ul>\n\n\n\n<p>Streetcar stop for route 7: &#8220;Gewerkschaftshaus&#8221;<br>Streetcar stop for route 5: &#8220;Collini-Center&#8221;<\/p>\n\n\n\n<p class=\"textblue has-background\" style=\"background-color:#f2f2f2\"> Download route description here (de): <\/p>\n\n\n\n<div class=\"wp-block-button aligncenter is-style-outline dklblau is-style-outline--1\"><a class=\"wp-block-button__link wp-element-button\" href=\"\/wp-content\/uploads\/2022\/12\/FRE-AnfahrtsplanZumDownloaden_2022_12.pdf\" target=\"_blank\" rel=\"noreferrer noopener\">download<\/a><\/div>\n<\/div>\n<\/div>\n<\/div><\/div>\n<\/div>\n\n\n\n<div class=\"wp-block-column nopadd maplink is-layout-flow wp-block-column-is-layout-flow\">\n<div class=\"wp-block-wpm-background has-style-wpm-background-l8xvibz6 has-background-image\"><div class=\"background-image has-position-top-right\" style=\"background-image:url(https:\/\/freter.960pixel.de\/wp-content\/uploads\/2022\/10\/Freter-Kontakt-Anfahrt-960x960px-v3.jpg)\"><\/div><div class=\"entry-content\">\n<div id=\"anchor-link\" class=\"wp-block-group\"><div class=\"wp-block-group__inner-container is-layout-flow wp-block-group-is-layout-flow\"><\/div><\/div>\n<\/div><\/div>\n\n\n\n\n<\/div>\n<\/div>\n<\/div><\/div>\n\n\n\n<div class=\"wp-block-group alignfull radialgradgreywhite marT0\"><div class=\"wp-block-group__inner-container is-layout-flow wp-block-group-is-layout-flow\"><\/div><\/div>\n\n\n\n<div class=\"wp-block-group alignwide\"><div class=\"wp-block-group__inner-container is-layout-flow wp-block-group-is-layout-flow\">\n<h2 class=\"has-text-align-center wp-block-heading\">Memberships + professional associations<\/h2>\n<\/div><\/div>\n\n\n\n<div class=\"wp-block-columns alignwide memberbox is-layout-flex wp-container-core-columns-is-layout-9d6595d7 wp-block-columns-is-layout-flex\">\n<div class=\"wp-block-column is-vertically-aligned-center bgdklblau is-layout-flow wp-block-column-is-layout-flow\">\n<p class=\"has-text-align-center\"> <a rel=\"noreferrer noopener\" href=\"http:\/\/www.dgzmk.de\/\" target=\"_blank\">Deutsche Gesellschaft f\u00fcr Zahn-, Mund- und Kieferheilkunde (DGZMK)<\/a> <\/p>\n<\/div>\n\n\n\n<div class=\"wp-block-column is-vertically-aligned-center bgdklblau is-layout-flow wp-block-column-is-layout-flow\">\n<p class=\"has-text-align-center\"> <a rel=\"noreferrer noopener\" href=\"http:\/\/www.apw-online.com\/\" target=\"_blank\">Akademie Praxis und Wissenschaft (APW)<\/a> <\/p>\n<\/div>\n\n\n\n<div class=\"wp-block-column is-vertically-aligned-center bgdklblau is-layout-flow wp-block-column-is-layout-flow\">\n<p class=\"has-text-align-center\"> <a rel=\"noreferrer noopener\" href=\"http:\/\/www.dg-endo.de\/\" target=\"_blank\">Deutsche Gesellschaft f\u00fcr Endodontie (DG-Endo)<\/a> <\/p>\n<\/div>\n<\/div>\n\n\n\n<div class=\"wp-block-columns alignwide memberbox is-layout-flex wp-container-core-columns-is-layout-9d6595d7 wp-block-columns-is-layout-flex\">\n<div class=\"wp-block-column is-vertically-aligned-center bgdklblau is-layout-flow wp-block-column-is-layout-flow\">\n<p class=\"has-text-align-center\">  <a rel=\"noreferrer noopener\" href=\"http:\/\/www.vdze.de\/\" target=\"_blank\">Verband zertifizierter Endodontologen e.V. (VDZE)<\/a> <\/p>\n<\/div>\n\n\n\n<div class=\"wp-block-column is-vertically-aligned-center bgdklblau is-layout-flow wp-block-column-is-layout-flow\">\n<p class=\"has-text-align-center\">  <a rel=\"noreferrer noopener\" href=\"http:\/\/www.dgparo.de\/\" target=\"_blank\">Deutsche Gesellschaft f\u00fcr Parodontologie (DGP)<\/a>  <\/p>\n<\/div>\n\n\n\n<div class=\"wp-block-column is-vertically-aligned-center bgdklblau is-layout-flow wp-block-column-is-layout-flow\">\n<p class=\"has-text-align-center\">  <a rel=\"noreferrer noopener\" href=\"http:\/\/www.xn--dgz-rla.de\/\" target=\"_blank\">Deutsche Gesellschaft f\u00fcr \u00c4sthetische Zahnheilkunde (DG\u00c4Z)<\/a> <\/p>\n<\/div>\n<\/div>\n\n\n\n<div class=\"wp-block-columns alignwide memberbox is-layout-flex wp-container-core-columns-is-layout-9d6595d7 wp-block-columns-is-layout-flex\">\n<div class=\"wp-block-column is-vertically-aligned-center bgdklblau is-layout-flow wp-block-column-is-layout-flow\">\n<p class=\"has-text-align-center\">   <a rel=\"noreferrer noopener\" href=\"http:\/\/www.dgfdt.de\/\" target=\"_blank\">Deutsche Gesellschaft f\u00fcr Funktionsdiagnostik (DGFDT)<\/a> <\/p>\n<\/div>\n\n\n\n<div class=\"wp-block-column is-vertically-aligned-center bgdklblau is-layout-flow wp-block-column-is-layout-flow\">\n<p class=\"has-text-align-center\">   <a rel=\"noreferrer noopener\" href=\"http:\/\/www.dgqz.de\/index-2.html\" target=\"_blank\">Deutsche Gesellschaft f\u00fcr qualit\u00e4tsorientierte Zahnheilkunde (DGQZ<\/a>)   <\/p>\n<\/div>\n\n\n\n<div class=\"wp-block-column is-vertically-aligned-center bgdklblau is-layout-flow wp-block-column-is-layout-flow\">\n<p class=\"has-text-align-center\">   <a rel=\"noreferrer noopener\" href=\"http:\/\/www.gak-stuttgart.de\/\" target=\"_blank\">Gnathologischer Arbeitskreis Stuttgart (GAC)<\/a> <\/p>\n<\/div>\n<\/div>\n\n\n\n<div class=\"wp-block-group alignwide\"><div class=\"wp-block-group__inner-container is-layout-flow wp-block-group-is-layout-flow\">\n<p>We are a member of these professional associations or treat according to their principles.<\/p>\n<\/div><\/div>\n\n\n\n<div style=\"height:30px\" aria-hidden=\"true\" class=\"wp-block-spacer\"><\/div>\n\n\n\n<div class=\"wp-block-group alignfull radialgradgreywhite\"><div class=\"wp-block-group__inner-container is-layout-flow wp-block-group-is-layout-flow\"><\/div><\/div>\n\n\n\n<div class=\"wp-block-group alignwide\"><div class=\"wp-block-group__inner-container is-layout-flow wp-block-group-is-layout-flow\">\n<h3 class=\"has-text-align-left wp-block-heading\">Befriended dental practices<\/h3>\n<\/div><\/div>\n\n\n\n<div class=\"wp-block-group alignwide\"><div class=\"wp-block-group__inner-container is-layout-flow wp-block-group-is-layout-flow\">\n<p>Augsburg<br><a href=\"http:\/\/www.grottenau1.de\" target=\"_blank\" aria-label=\"undefined (opens in a new tab)\" rel=\"noreferrer noopener\">www.grottenau1.de<\/a> <\/p>\n\n\n\n<p>Mannheim<br><a href=\"http:\/\/www.dr-brockhaus.com\" target=\"_blank\" aria-label=\"undefined (opens in a new tab)\" rel=\"noreferrer noopener\">www.dr-brockhaus.com <\/a><\/p>\n\n\n\n<p>Villingen-Schwenningen<br><a href=\"https:\/\/www.zaehne-fuers-leben.de\/\" target=\"_blank\" aria-label=\"undefined (opens in a new tab)\" rel=\"noreferrer noopener\">www.zaehne-fuers-leben.de <\/a><\/p>\n\n\n\n<p>Hannover<br><a href=\"http:\/\/www.dr-blecker.de\/scripts\/frontend\/index.php\" target=\"_blank\" aria-label=\"undefined (opens in a new tab)\" rel=\"noreferrer noopener\">www.dr-blecker.de<\/a><\/p>\n\n\n\n<p>Freiburg<br><a href=\"https:\/\/www.dr-heil.de\/\" target=\"_blank\" aria-label=\"undefined (opens in a new tab)\" rel=\"noreferrer noopener\">www.dr-heil.de<\/a><\/p>\n<\/div><\/div>\n\n\n\n<div class=\"wp-block-group alignwide\"><div class=\"wp-block-group__inner-container is-layout-flow wp-block-group-is-layout-flow\">\n<div style=\"height:30px\" aria-hidden=\"true\" class=\"wp-block-spacer\"><\/div>\n\n\n\n<h3 class=\"has-text-align-left wp-block-heading\">Befriended companies<\/h3>\n<\/div><\/div>\n\n\n\n<div class=\"wp-block-group alignwide\"><div class=\"wp-block-group__inner-container is-layout-flow wp-block-group-is-layout-flow\">\n<p>pollok pictures<br><a href=\"https:\/\/www.portraitreportage.de\/\" target=\"_blank\" aria-label=\"undefined (opens in a new tab)\" rel=\"noreferrer noopener\">www.portraitreportage.de <\/a><\/p>\n\n\n\n<p>srg werbeagentur ag<br><a href=\"https:\/\/www.srgwerbeagentur.de\/\" target=\"_blank\" aria-label=\"undefined (opens in a new tab)\" rel=\"noreferrer noopener\">www.srgwerbeagentur.de <\/a><\/p>\n<\/div><\/div>\n\n\n\n<div style=\"height:80px\" aria-hidden=\"true\" class=\"wp-block-spacer\"><\/div>\n\n\n\n<div class=\"wp-block-group alignfull footerslider\"><div class=\"wp-block-group__inner-container is-layout-flow wp-block-group-is-layout-flow\">\n<div class=\"wp-block-group alignwide\"><div class=\"wp-block-group__inner-container is-layout-flow wp-block-group-is-layout-flow\">\n<div style=\"height:40px\" aria-hidden=\"true\" class=\"wp-block-spacer\"><\/div>\n\n\n\n<h2 class=\"has-text-align-center wp-block-heading\"> What our patients say about us <\/h2>\n\n\n\n<div class=\"wp-block-group alignfull\"><div class=\"wp-block-group__inner-container is-layout-flow wp-block-group-is-layout-flow\">\n<div class=\"wp-block-columns jameda is-layout-flex wp-container-core-columns-is-layout-9d6595d7 wp-block-columns-is-layout-flex\">\n<div class=\"wp-block-column is-layout-flow wp-block-column-is-layout-flow\">\n<div id=\"jameda-widget-container1074774\" style=\"position:relative; width:272px; height:168px; margin:15px; background-image:url(https:\/\/cdn1.jameda-elements.de\/premium\/widgets\/_images\/top10-top20-bg.png); background-repeat:no-repeat; font-family:Arial, Helvetica, sans-serif; font-size:12px; line-height:15px;\"><div style=\"position:absolute; top:25px; left:108px; width:148px; height:58px; overflow:hidden; white-space:normal;\"><a href=\"https:\/\/www.jameda.de\/mannheim\/zahnaerzte\/implantologen\/joerg-freter\/uebersicht\/80117686_1\/?utm_content=Top5&amp;utm_source=Kunden-Homepages&amp;utm_medium=Badges&amp;utm_term=80117686&amp;utm_campaign=Badges\" style=\"font-size:15px; line-height:18px; font-weight:bold; color:#01a3d4; text-decoration:none; border:0px;\" target=\"_blank\" rel=\"noopener noreferrer\">J\u00f6rg Freter<\/a><\/div><div style=\"position:absolute; top:98px; left:108px; width:152px; height:53px; overflow:hidden; color:#888; font-size:11px; line-height:13px;\"><strong>Zahn\u00e4rzte<\/strong><br>in Mannheim auf&nbsp;<a href=\"https:\/\/www.jameda.de\/mannheim\/zahnaerzte\/gruppe\/?utm_content=Top5&amp;utm_source=Kunden-Homepages&amp;utm_medium=Badges&amp;utm_term=80117686&amp;utm_campaign=Badges\" class=\"jam_link_check\" style=\"color:#069bd2; font-size:11px; text-decoration:none; border:0px; background-color:transparent !important;\" target=\"_blank\" rel=\"noopener noreferrer\">jameda<\/a><\/div><\/div>\n<\/div>\n\n\n\n<div class=\"wp-block-column is-layout-flow wp-block-column-is-layout-flow\">\n<div id=\"jameda-widget-container1101441\" style=\"position:relative; width:272px; height:168px; margin:15px; background-image:url(https:\/\/cdn1.jameda-elements.de\/premium\/widgets\/_images\/top10-top20-bg.png); background-repeat:no-repeat; font-family:Arial, Helvetica, sans-serif; font-size:12px; line-height:15px;\"><div style=\"position:absolute; top:25px; left:108px; width:148px; height:58px; overflow:hidden; white-space:normal;\"><a href=\"https:\/\/www.jameda.de\/mannheim\/zahnaerzte\/implantologen\/joerg-freter\/uebersicht\/80117686_1\/?utm_content=Top5&amp;utm_source=Kunden-Homepages&amp;utm_medium=Badges&amp;utm_term=80117686&amp;utm_campaign=Badges\" style=\"font-size:15px; line-height:18px; font-weight:bold; color:#01a3d4; text-decoration:none; border:0px;\" target=\"_blank\" rel=\"noopener noreferrer\">J\u00f6rg Freter<\/a><\/div><div style=\"position:absolute; top:98px; left:108px; width:152px; height:53px; overflow:hidden; color:#888; font-size:11px; line-height:13px;\"><strong>Endodontologen<\/strong><br>in Mannheim auf&nbsp;<a href=\"https:\/\/www.jameda.de\/mannheim\/zahnaerzte\/endodontologie-wurzelbehandlung\/fachgebiet\/?utm_content=Top5&amp;utm_source=Kunden-Homepages&amp;utm_medium=Badges&amp;utm_term=80117686&amp;utm_campaign=Badges\" class=\"jam_link_check\" style=\"color:#069bd2; font-size:11px; text-decoration:none; border:0px; background-color:transparent !important;\" target=\"_blank\" rel=\"noopener noreferrer\">jameda<\/a><\/div><\/div>\n<\/div>\n\n\n\n<div class=\"wp-block-column is-layout-flow wp-block-column-is-layout-flow\">\n<div id=\"jameda-widget-container1095754\" style=\"position:relative; width:272px; height:168px; margin:15px; background-image:url(https:\/\/cdn1.jameda-elements.de\/premium\/widgets\/_images\/top10-top20-bg.png); background-repeat:no-repeat; font-family:Arial, Helvetica, sans-serif; font-size:12px; line-height:15px;\"><div style=\"position:absolute; top:25px; left:108px; width:148px; height:58px; overflow:hidden; white-space:normal;\"><a href=\"https:\/\/www.jameda.de\/mannheim\/zahnaerzte\/implantologen\/joerg-freter\/uebersicht\/80117686_1\/?utm_content=Top5&amp;utm_source=Kunden-Homepages&amp;utm_medium=Badges&amp;utm_term=80117686&amp;utm_campaign=Badges\" style=\"font-size:15px; line-height:18px; font-weight:bold; color:#01a3d4; text-decoration:none; border:0px;\" target=\"_blank\" rel=\"noopener noreferrer\">J\u00f6rg Freter<\/a><\/div><div style=\"position:absolute; top:98px; left:108px; width:152px; height:53px; overflow:hidden; color:#888; font-size:11px; line-height:13px;\"><strong>Implantologen<\/strong><br>in Mannheim auf&nbsp;<a href=\"https:\/\/www.jameda.de\/mannheim\/zahnaerzte\/implantologen\/fachgebiet\/?utm_content=Top5&amp;utm_source=Kunden-Homepages&amp;utm_medium=Badges&amp;utm_term=80117686&amp;utm_campaign=Badges\" class=\"jam_link_check\" style=\"color:#069bd2; font-size:11px; text-decoration:none; border:0px; background-color:transparent !important;\" target=\"_blank\" rel=\"noopener noreferrer\">jameda<\/a><\/div><\/div>\n\n\n\n\n<\/div>\n<\/div>\n<\/div><\/div>\n\n\n\n<div class=\"wp-block-group\"><div class=\"wp-block-group__inner-container is-layout-flow wp-block-group-is-layout-flow\"><\/div><\/div>\n\n\n\n\n\n\n<div style=\"height:30px\" aria-hidden=\"true\" class=\"wp-block-spacer\"><\/div>\n<\/div><\/div>\n<\/div><\/div>\n","protected":false},"excerpt":{"rendered":"<p>+ CONTACT Request onlineappointment Freter dental practice Friedrichsring 46, 68161 Mannheim Telefon: 0621-104071 Fax: 0621-1569725 E-Mail: practice hours monday to thursday: 8:00 am to 7:00 pm friday: 8:00 am to 1:00 pm Parking options Streetcar stop for route 7: &#8220;Gewerkschaftshaus&#8221;Streetcar stop for route 5: &#8220;Collini-Center&#8221; Download route description here (de): Memberships + professional associations Deutsche [&hellip;]<\/p>\n","protected":false},"author":1,"featured_media":0,"parent":0,"menu_order":0,"comment_status":"closed","ping_status":"closed","template":"","meta":{"ub_ctt_via":"","wpm_timeformat":"","_wpm_styles":".has-style-wpm-background-rgiq8un1 {\n  min-height: 200px;\n}\n.has-style-wpm-background-l8xvibz6 {\n  min-height: 700px;\n}","_grids_gutter_x":"","_grids_wide_width":false,"footnotes":""},"class_list":["post-1224","page","type-page","status-publish","hentry"],"featured_image_src":null,"_links":{"self":[{"href":"https:\/\/freter.960pixel.de\/en\/wp-json\/wp\/v2\/pages\/1224","targetHints":{"allow":["GET"]}}],"collection":[{"href":"https:\/\/freter.960pixel.de\/en\/wp-json\/wp\/v2\/pages"}],"about":[{"href":"https:\/\/freter.960pixel.de\/en\/wp-json\/wp\/v2\/types\/page"}],"author":[{"embeddable":true,"href":"https:\/\/freter.960pixel.de\/en\/wp-json\/wp\/v2\/users\/1"}],"replies":[{"embeddable":true,"href":"https:\/\/freter.960pixel.de\/en\/wp-json\/wp\/v2\/comments?post=1224"}],"version-history":[{"count":11,"href":"https:\/\/freter.960pixel.de\/en\/wp-json\/wp\/v2\/pages\/1224\/revisions"}],"predecessor-version":[{"id":1504,"href":"https:\/\/freter.960pixel.de\/en\/wp-json\/wp\/v2\/pages\/1224\/revisions\/1504"}],"wp:attachment":[{"href":"https:\/\/freter.960pixel.de\/en\/wp-json\/wp\/v2\/media?parent=1224"}],"curies":[{"name":"wp","href":"https:\/\/api.w.org\/{rel}","templated":true}]}}